{"id":4278,"date":"2021-12-08T17:44:53","date_gmt":"2021-12-08T16:44:53","guid":{"rendered":"https:\/\/www.birgit-breidenbach.com\/start\/?page_id=4278"},"modified":"2021-12-16T19:09:59","modified_gmt":"2021-12-16T18:09:59","slug":"vom-dunkel-ins-licht","status":"publish","type":"page","link":"https:\/\/www.birgit-breidenbach.com\/start\/vom-dunkel-ins-licht\/","title":{"rendered":"VOM DUNKEL INS LICHT"},"content":{"rendered":"<p>[vc_row rt_row_background_width=&#8220;fullwidth&#8220; rt_row_content_width=&#8220;fullwidth&#8220; rt_row_style=&#8220;default-style&#8220; rt_row_height=&#8220;&#8220; rt_row_borders=&#8220;&#8220; rt_row_shadows=&#8220;&#8220; rt_column_gaps=&#8220;&#8220; rt_row_paddings=&#8220;false&#8220; rt_bg_effect=&#8220;classic&#8220; rt_transparent_bg=&#8220;&#8220; rt_bg_image_repeat=&#8220;repeat&#8220; rt_bg_size=&#8220;cover&#8220; rt_bg_position=&#8220;right top&#8220; rt_bg_attachment=&#8220;scroll&#8220; rt_bg_video_format=&#8220;self-hosted&#8220;][vc_column rt_col_paddings=&#8220;false&#8220; rt_wrp_col_paddings=&#8220;false&#8220; rt_column_shadow=&#8220;&#8220; rt_border_top=&#8220;&#8220; rt_border_bottom=&#8220;&#8220; rt_border_left=&#8220;&#8220; rt_border_right=&#8220;&#8220; rt_border_top_mobile=&#8220;&#8220; rt_border_bottom_mobile=&#8220;&#8220; rt_border_left_mobile=&#8220;&#8220; rt_border_right_mobile=&#8220;&#8220; rt_bg_image_repeat=&#8220;repeat&#8220; rt_bg_size=&#8220;auto auto&#8220; rt_bg_position=&#8220;right top&#8220; rt_bg_attachment=&#8220;scroll&#8220; rt_bg_color=&#8220;&#8220; rt_bg_overlay_color=&#8220;&#8220;]<div id=\"content-slider-269517\" class=\"rt-carousel main-carousel carousel-holder clearfix\" data-item-width=\"1\" data-mobile-height=\"350\" data-nav=\"true\" data-dots=\"true\" data-parallax=\"true\" data-timeout=\"15000\" data-autoplay=\"true\">\n<div class=\"owl-carousel\">\n\n\t\t<div class=\"item has-bg-image  global-style\" style=\"min-height: 800px;\">\n\t\t\t\n\t\t\t<div class=\"slide-background\" style=\"background-image: url(https:\/\/www.birgit-breidenbach.com\/start\/wp-content\/uploads\/2021\/12\/vom_dunkelslider.jpg);background-repeat: no-repeat;background-size: cover;background-position: center center;\"><\/div>\n\t\t<\/div><\/div>\n\n\t\t\t\t<div id=\"content-slider-269517-dots\" class=\"dots-holder\">\n\t\t\t\t<\/div>\n\t\t\t\n<\/div>\n[vc_empty_space height=&#8220;50px&#8220;][\/vc_column][\/vc_row][vc_row rt_row_background_width=&#8220;fullwidth&#8220; rt_row_content_width=&#8220;default&#8220; rt_row_style=&#8220;default-style&#8220; rt_row_height=&#8220;&#8220; rt_row_borders=&#8220;&#8220; rt_row_shadows=&#8220;&#8220; rt_column_gaps=&#8220;&#8220; rt_row_paddings=&#8220;true&#8220; rt_bg_effect=&#8220;classic&#8220; rt_transparent_bg=&#8220;&#8220; rt_bg_image_repeat=&#8220;repeat&#8220; rt_bg_size=&#8220;cover&#8220; rt_bg_position=&#8220;right top&#8220; rt_bg_attachment=&#8220;scroll&#8220; rt_bg_video_format=&#8220;self-hosted&#8220; rt_padding_top=&#8220;100&#8243; rt_padding_bottom=&#8220;100&#8243;][vc_column width=&#8220;1\/2&#8243; rt_col_paddings=&#8220;false&#8220; rt_wrp_col_paddings=&#8220;false&#8220; rt_column_shadow=&#8220;&#8220; rt_border_top=&#8220;&#8220; rt_border_bottom=&#8220;&#8220; rt_border_left=&#8220;&#8220; rt_border_right=&#8220;&#8220; rt_border_top_mobile=&#8220;&#8220; rt_border_bottom_mobile=&#8220;&#8220; rt_border_left_mobile=&#8220;&#8220; rt_border_right_mobile=&#8220;&#8220; rt_bg_image_repeat=&#8220;repeat&#8220; rt_bg_size=&#8220;auto auto&#8220; rt_bg_position=&#8220;right top&#8220; rt_bg_attachment=&#8220;scroll&#8220; rt_bg_color=&#8220;&#8220; rt_bg_overlay_color=&#8220;&#8220;][vc_column_text]Die Weihnachtsgeschichte erz\u00e4hlt von Maria und Joseph, die ihr erstes Kind erwarten, von ihrem \u00a0beschwerlichen Weg \u00a0nach Bethlehem, ihrer vergeblichen Suche nach einer Unterkunft. Sie erz\u00e4hlt von der Freude der Eltern \u00fcber ihr Neugeborenes, der Ankunft der Hirten am Stall und der Reise der K\u00f6nige zum ersehnten Retter.<\/p>\n<p>Diese Geschichte erz\u00e4hlen auch die 24 Lieder und Instrumentalst\u00fccke dieser CD, mit Musik aus dem 17. bis 21. Jahrhundert aus unterschiedlichen L\u00e4ndern.<\/p>\n<p>Hierbei haben die drei Musiker f\u00fcr die ungew\u00f6hnliche Zusammensetzung eines Trios &#8211; KontraAlt, Bratsche und Klavier &#8211; viele St\u00fccke bearbeitet und neu arrangiert.<\/p>\n<p>Sie alle haben die Erfahrungen von Menschen mit Dunkelheit und Licht, Sehnsucht und Erf\u00fcllung gemein.[\/vc_column_text][vc_column_text]<div class=\"wrapper\" id=\"iao03\"><\/div>[\/vc_column_text][\/vc_column][vc_column width=&#8220;1\/2&#8243; rt_col_paddings=&#8220;true&#8220; rt_wrp_col_paddings=&#8220;false&#8220; rt_column_shadow=&#8220;&#8220; rt_border_top=&#8220;&#8220; rt_border_bottom=&#8220;&#8220; rt_border_left=&#8220;&#8220; rt_border_right=&#8220;&#8220; rt_border_top_mobile=&#8220;&#8220; rt_border_bottom_mobile=&#8220;&#8220; rt_border_left_mobile=&#8220;&#8220; rt_border_right_mobile=&#8220;&#8220; rt_bg_image_repeat=&#8220;repeat&#8220; rt_bg_size=&#8220;auto auto&#8220; rt_bg_position=&#8220;right top&#8220; rt_bg_attachment=&#8220;scroll&#8220; css=&#8220;.vc_custom_1600167032431{padding-left: 60px !important;}&#8220; rt_bg_color=&#8220;&#8220; rt_bg_overlay_color=&#8220;&#8220;][vc_custom_heading text=&#8220;&#8222;Vom Dunkel ins Licht&#8222;&#8220; font_container=&#8220;tag:h2|text_align:center&#8220; use_theme_fonts=&#8220;yes&#8220;][vc_custom_heading text=&#8220;Birgit Breidenbach \/ Gerhard Dierig \/ Thomas Greifenberg&#8220; font_container=&#8220;tag:h5|text_align:center&#8220; use_theme_fonts=&#8220;yes&#8220;][vc_empty_space height=&#8220;22px&#8220;][vc_single_image image=&#8220;4283&#8243; img_size=&#8220;full&#8220; add_caption=&#8220;yes&#8220; alignment=&#8220;center&#8220; style=&#8220;vc_box_border&#8220;][vc_btn title=&#8220;Apple Music&#8220; size=&#8220;lg&#8220; align=&#8220;center&#8220; i_icon_fontawesome=&#8220;fab fa-apple&#8220; add_icon=&#8220;true&#8220; link=&#8220;url:https%3A%2F%2Fmusic.apple.com%2Fde%2Falbum%2Fvom-dunkel-ins-licht%2F1597745081%3Fl%3Dde%26ls%3D1%26app%3Ditunes|target:_blank&#8220;][vc_column_text]Sie k\u00f6nnen die CD auch \u00fcber das Kontaktformular mit dem Betreff \u201cCD-Kauf Vom Dunkel ins Licht&#8220; bestellen.<br \/>\nF\u00fcr einen reibungslosen Ablauf bitte ich Sie vorab zu \u00fcberweisen auf das unten angegebene Konto.<br \/>\nDer Preis betr\u00e4gt 20,-\u20ac inkl. MwSt. zzgl. 2,-\u20ac Versand. Der Versand ins Ausland betr\u00e4gt 9,- \u20ac.<\/p>\n<p><strong>IBAN: DE33 370 502 99 1331 00 5980<br \/>\nBIC: COKSDE33XXX<\/strong>[\/vc_column_text][vc_column_text]<\/p>\n<ul style=\"text-align: left;\">\n<li>Winternacht \/ Kurt Wolf<\/li>\n<li>Prelude \/ Pablo Casals<\/li>\n<li>Maria durch ein Dornwald ging \/ Volksweise<\/li>\n<li>Gestillte Sehnsucht <em>aus:op.91<\/em>\/ Johannes Brahms<\/li>\n<li>Nun wandre, <em>Maria Spanisches Liederbuch 1, Nr.3<\/em> \/ Hugo Wolf<\/li>\n<li>Weihnachten \/ Engelbert Humperdinck<\/li>\n<li>Hodie Christus natus est <em>aus \u00bbA Ceremony of Carols\u00ab\u00a0<\/em>\/ Benjamin Britten<\/li>\n<li>Hymne \u00e1 la Nuit \/ Jean Philippe Rameau<\/li>\n<li>Die Hirten \/ Peter Cornelius<\/li>\n<li>Le soir <em>aus:Deux Pi\u00e8ces op.5<\/em> \/ Louis Vierne<\/li>\n<li>Alma redemptoris mater \/ Michael Schmoll<\/li>\n<li>O Jesulein s\u00fc\u00df, o Jesulein mild \/ Johann Sebastian Bach<\/li>\n<li>Corpus Christi <em>aus \u00bbA Boy was born\u00ab<\/em>\u00a0\/ Benjamin Britten<\/li>\n<li>Coplas a Jesus \/ Argentinisches Weihnachtslied<\/li>\n<li>Mari\u00e4 Wiegenlied <em>op.76, Nr.52<\/em> \/ Max Reger<\/li>\n<li>Geistliches Lied <em>aus:op.91<\/em> \/ Johannes Brahms<\/li>\n<li>Baju\u0161ki-baju \/ Russische Volksweise<\/li>\n<li>L\u00e9gende <em>aus:Deux Pi\u00e8ces op.5<\/em> \/ Louis Vierne<\/li>\n<li>Das Licht der Welt \/ Engelbert Humperdinck<\/li>\n<li>Die K\u00f6nige \/ Peter Cornelius<\/li>\n<li>La Caravana <em>aus:El Pessebre<\/em> \/ Pablo Casals<\/li>\n<li>Yo le canto al nino dios \/ Kolumbianisches Weihnachtslied<\/li>\n<li>F\u00fchr mich, Kind <em>Spanisches Liederbuch 1, Nr.5<\/em> \/ Hugo Wolf<\/li>\n<li>The First No\u00ebl \/ Traditional English Carol<\/li>\n<\/ul>\n<p>[\/vc_column_text][\/vc_column][\/vc_row]<\/p>\n","protected":false},"excerpt":{"rendered":"<p>[vc_row rt_row_background_width=&#8220;fullwidth&#8220; rt_row_content_width=&#8220;fullwidth&#8220; rt_row_style=&#8220;default-style&#8220; rt_row_height=&#8220;&#8220; rt_row_borders=&#8220;&#8220; rt_row_shadows=&#8220;&#8220; rt_column_gaps=&#8220;&#8220; rt_row_paddings=&#8220;false&#8220; rt_bg_effect=&#8220;classic&#8220; rt_transparent_bg=&#8220;&#8220; rt_bg_image_repeat=&#8220;repeat&#8220; rt_bg_size=&#8220;cover&#8220; rt_bg_position=&#8220;right top&#8220; rt_bg_attachment=&#8220;scroll&#8220; rt_bg_video_format=&#8220;self-hosted&#8220;][vc_column rt_col_paddings=&#8220;false&#8220; rt_wrp_col_paddings=&#8220;false&#8220; rt_column_shadow=&#8220;&#8220; rt_border_top=&#8220;&#8220; rt_border_bottom=&#8220;&#8220; rt_border_left=&#8220;&#8220; rt_border_right=&#8220;&#8220; rt_border_top_mobile=&#8220;&#8220; rt_border_bottom_mobile=&#8220;&#8220; rt_border_left_mobile=&#8220;&#8220; rt_border_right_mobile=&#8220;&#8220; rt_bg_image_repeat=&#8220;repeat&#8220; rt_bg_size=&#8220;auto auto&#8220; rt_bg_position=&#8220;right top&#8220; rt_bg_attachment=&#8220;scroll&#8220; rt_bg_color=&#8220;&#8220; rt_bg_overlay_color=&#8220;&#8220;][vc_empty_space height=&#8220;50px&#8220;][\/vc_column][\/vc_row][vc_row rt_row_background_width=&#8220;fullwidth&#8220; rt_row_content_width=&#8220;default&#8220; rt_row_style=&#8220;default-style&#8220; rt_row_height=&#8220;&#8220; rt_row_borders=&#8220;&#8220; rt_row_shadows=&#8220;&#8220; rt_column_gaps=&#8220;&#8220; rt_row_paddings=&#8220;true&#8220; rt_bg_effect=&#8220;classic&#8220; rt_transparent_bg=&#8220;&#8220; rt_bg_image_repeat=&#8220;repeat&#8220; rt_bg_size=&#8220;cover&#8220; rt_bg_position=&#8220;right top&#8220; rt_bg_attachment=&#8220;scroll&#8220; rt_bg_video_format=&#8220;self-hosted&#8220; rt_padding_top=&#8220;100&#8243; rt_padding_bottom=&#8220;100&#8243;][vc_column &#8230; <a class=\"more-link\" href=\"https:\/\/www.birgit-breidenbach.com\/start\/vom-dunkel-ins-licht\/\">Continue reading<\/a><\/p>\n","protected":false},"author":1,"featured_media":0,"parent":0,"menu_order":0,"comment_status":"closed","ping_status":"closed","template":"","meta":[],"_links":{"self":[{"href":"https:\/\/www.birgit-breidenbach.com\/start\/wp-json\/wp\/v2\/pages\/4278"}],"collection":[{"href":"https:\/\/www.birgit-breidenbach.com\/start\/wp-json\/wp\/v2\/pages"}],"about":[{"href":"https:\/\/www.birgit-breidenbach.com\/start\/wp-json\/wp\/v2\/types\/page"}],"author":[{"embeddable":true,"href":"https:\/\/www.birgit-breidenbach.com\/start\/wp-json\/wp\/v2\/users\/1"}],"replies":[{"embeddable":true,"href":"https:\/\/www.birgit-breidenbach.com\/start\/wp-json\/wp\/v2\/comments?post=4278"}],"version-history":[{"count":10,"href":"https:\/\/www.birgit-breidenbach.com\/start\/wp-json\/wp\/v2\/pages\/4278\/revisions"}],"predecessor-version":[{"id":4453,"href":"https:\/\/www.birgit-breidenbach.com\/start\/wp-json\/wp\/v2\/pages\/4278\/revisions\/4453"}],"wp:attachment":[{"href":"https:\/\/www.birgit-breidenbach.com\/start\/wp-json\/wp\/v2\/media?parent=4278"}],"curies":[{"name":"wp","href":"https:\/\/api.w.org\/{rel}","templated":true}]}}